{"id":11106,"date":"2026-04-30T16:02:58","date_gmt":"2026-04-30T13:02:58","guid":{"rendered":"https:\/\/inspiratio.ro\/?post_type=product&#038;p=11106"},"modified":"2026-04-30T16:06:58","modified_gmt":"2026-04-30T13:06:58","slug":"brb-portofel-mediu-cu-design-subtire","status":"publish","type":"product","link":"https:\/\/inspiratio.ro\/en\/produs\/brb-portofel-mediu-cu-design-subtire\/","title":{"rendered":"Portofel mediu cu design sub\u021bire"},"content":{"rendered":"<p>Datorit\u0103 designului s\u0103u compact, practic \u0219i sub\u021bire, acest portofel mic poate fi accesoriul perfect pentru diverse evenimente \u0219i un companion perfect pentru zilele aglomerate.<br \/>\nAcesta poate con\u021bine cartea de identitate rom\u00e2neasc\u0103, permisul de conducere, 8 carduri \u0219i 1 cm de numerar.<\/p>\n<h3>Descriere<\/h3>\n<p>Portofel mic din piele.<\/p>\n<p>Fabricat\u0103 din piele de vac\u0103 naturala de calitate, cu cus\u0103turi \u00eent\u0103rite pentru a fi un partener de lung\u0103 durat\u0103.<\/p>\n<h3>Mai multe informa\u021bii<\/h3>\n<table class=\"woocommerce-product-attributes shop_attributes\" aria-label=\"Product Details\">\n<tbody>\n<tr class=\"woocommerce-product-attributes-item woocommerce-product-attributes-item--dimensions\">\n<th class=\"woocommerce-product-attributes-item__label\" scope=\"row\">Dimensiuni<\/th>\n<td class=\"woocommerce-product-attributes-item__value\">12 \u00d7 8,5 cm<\/td>\n<\/tr>\n<tr class=\"woocommerce-product-attributes-item woocommerce-product-attributes-item--attribute_pa_szin\">\n<th class=\"woocommerce-product-attributes-item__label\" scope=\"row\">Culoare<\/th>\n<td class=\"woocommerce-product-attributes-item__value\">Piersic, Maro, Burgundia, Galben l\u0103m\u00e2ie, Albastru, Alb, Negru, Negru-maro, Albastru, Ro\u0219u, Roz pudr\u0103, Maro \u00eenchis-maro deschis, Maro deschis-maro \u00eenchis<\/td>\n<\/tr>\n<\/tbody>\n<\/table>\n<hr \/>\n<p>La INSPIRATIO stocurile sunt mereu reduse pentru c\u0103 lucr\u0103m cu artizani \u0219i designeri care manufactureaz\u0103 fiecare produs \u00een parte.<\/p>\n<p>Av\u00e2nd \u00een vedere diversitatea modelelor \u0219i culorilor disponibile \u00een magazin, v\u0103 rug\u0103m s\u0103 ne contacta\u021bi telefonic\/Whatsapp pentru a v\u0103 putea sprijini \u00een alegerea produsului dorit.<\/p>\n","protected":false},"excerpt":{"rendered":"<p>Datorit\u0103 designului s\u0103u compact, practic \u0219i sub\u021bire, acest portofel mic poate fi accesoriul perfect pentru diverse evenimente \u0219i un companion perfect pentru zilele aglomerate. Acesta poate con\u021bine cartea de identitate rom\u00e2neasc\u0103, permisul de conducere, 8 carduri \u0219i 1 cm de numerar. Descriere Portofel mic din piele. Fabricat\u0103 din piele de vac\u0103 naturala de calitate, cu [&hellip;]<\/p>\n","protected":false},"featured_media":10974,"comment_status":"open","ping_status":"closed","template":"","meta":[],"pwb-brand":[247],"product_brand":[246],"product_cat":[87,17],"product_tag":[],"class_list":{"0":"post-11106","1":"product","2":"type-product","3":"status-publish","4":"has-post-thumbnail","6":"pwb-brand-barabas","7":"product_brand-barabas","8":"product_cat-to-wear","9":"product_cat-haine-si-accesorii","11":"first","12":"instock","13":"taxable","14":"shipping-taxable","15":"purchasable","16":"product-type-simple"},"yoast_head":"<!-- This site is optimized with the Yoast SEO plugin v26.9 - https:\/\/yoast.com\/product\/yoast-seo-wordpress\/ -->\n<title>BRB Portofel mediu cu design sub\u021bire<\/title>\n<meta name=\"description\" content=\"BRB Portofel mediu cu design sub\u021bire\" \/>\n<meta name=\"robots\" content=\"index, follow, max-snippet:-1, max-image-preview:large, max-video-preview:-1\" \/>\n<link rel=\"canonical\" href=\"https:\/\/inspiratio.ro\/produs\/brb-portofel-mediu-cu-design-subtire\/\" \/>\n<meta property=\"og:locale\" content=\"en_US\" \/>\n<meta property=\"og:type\" content=\"article\" \/>\n<meta property=\"og:title\" content=\"BRB Portofel mediu cu design sub\u021bire\" \/>\n<meta property=\"og:description\" content=\"BRB Portofel mediu cu design sub\u021bire\" \/>\n<meta property=\"og:url\" content=\"https:\/\/inspiratio.ro\/produs\/brb-portofel-mediu-cu-design-subtire\/\" \/>\n<meta property=\"og:site_name\" content=\"Inspiratio\" \/>\n<meta property=\"article:publisher\" content=\"https:\/\/www.facebook.com\/inspiratiogiftstudio\/\" \/>\n<meta property=\"article:modified_time\" content=\"2026-04-30T13:06:58+00:00\" \/>\n<meta property=\"og:image\" content=\"https:\/\/inspiratio.ro\/wp-content\/uploads\/2022\/03\/656837261_1491710692965302_5285691519658470685_n.jpg\" \/>\n\t<meta property=\"og:image:width\" content=\"2048\" \/>\n\t<meta property=\"og:image:height\" content=\"1427\" \/>\n\t<meta property=\"og:image:type\" content=\"image\/jpeg\" \/>\n<meta name=\"twitter:card\" content=\"summary_large_image\" \/>\n<meta name=\"twitter:label1\" content=\"Est. reading time\" \/>\n\t<meta name=\"twitter:data1\" content=\"1 minute\" \/>\n<script type=\"application\/ld+json\" class=\"yoast-schema-graph\">{\"@context\":\"https:\/\/schema.org\",\"@graph\":[{\"@type\":\"WebPage\",\"@id\":\"https:\/\/inspiratio.ro\/produs\/brb-portofel-mediu-cu-design-subtire\/\",\"url\":\"https:\/\/inspiratio.ro\/produs\/brb-portofel-mediu-cu-design-subtire\/\",\"name\":\"BRB Portofel mediu cu design sub\u021bire\",\"isPartOf\":{\"@id\":\"https:\/\/inspiratio.ro\/#website\"},\"primaryImageOfPage\":{\"@id\":\"https:\/\/inspiratio.ro\/produs\/brb-portofel-mediu-cu-design-subtire\/#primaryimage\"},\"image\":{\"@id\":\"https:\/\/inspiratio.ro\/produs\/brb-portofel-mediu-cu-design-subtire\/#primaryimage\"},\"thumbnailUrl\":\"https:\/\/inspiratio.ro\/wp-content\/uploads\/2022\/03\/656837261_1491710692965302_5285691519658470685_n.jpg\",\"datePublished\":\"2026-04-30T13:02:58+00:00\",\"dateModified\":\"2026-04-30T13:06:58+00:00\",\"description\":\"BRB Portofel mediu cu design sub\u021bire\",\"breadcrumb\":{\"@id\":\"https:\/\/inspiratio.ro\/produs\/brb-portofel-mediu-cu-design-subtire\/#breadcrumb\"},\"inLanguage\":\"en-US\",\"potentialAction\":[{\"@type\":\"ReadAction\",\"target\":[\"https:\/\/inspiratio.ro\/produs\/brb-portofel-mediu-cu-design-subtire\/\"]}]},{\"@type\":\"ImageObject\",\"inLanguage\":\"en-US\",\"@id\":\"https:\/\/inspiratio.ro\/produs\/brb-portofel-mediu-cu-design-subtire\/#primaryimage\",\"url\":\"https:\/\/inspiratio.ro\/wp-content\/uploads\/2022\/03\/656837261_1491710692965302_5285691519658470685_n.jpg\",\"contentUrl\":\"https:\/\/inspiratio.ro\/wp-content\/uploads\/2022\/03\/656837261_1491710692965302_5285691519658470685_n.jpg\",\"width\":2048,\"height\":1427},{\"@type\":\"BreadcrumbList\",\"@id\":\"https:\/\/inspiratio.ro\/produs\/brb-portofel-mediu-cu-design-subtire\/#breadcrumb\",\"itemListElement\":[{\"@type\":\"ListItem\",\"position\":1,\"name\":\"Shop\",\"item\":\"https:\/\/inspiratio.ro\/magazin-cadouri\/\"},{\"@type\":\"ListItem\",\"position\":2,\"name\":\"BRB Portofel mediu cu design sub\u021bire\"}]},{\"@type\":\"WebSite\",\"@id\":\"https:\/\/inspiratio.ro\/#website\",\"url\":\"https:\/\/inspiratio.ro\/\",\"name\":\"Inspiratio\",\"description\":\"Las\u0103-te purtat de inspira\u021bie\",\"publisher\":{\"@id\":\"https:\/\/inspiratio.ro\/#organization\"},\"potentialAction\":[{\"@type\":\"SearchAction\",\"target\":{\"@type\":\"EntryPoint\",\"urlTemplate\":\"https:\/\/inspiratio.ro\/?s={search_term_string}\"},\"query-input\":{\"@type\":\"PropertyValueSpecification\",\"valueRequired\":true,\"valueName\":\"search_term_string\"}}],\"inLanguage\":\"en-US\"},{\"@type\":\"Organization\",\"@id\":\"https:\/\/inspiratio.ro\/#organization\",\"name\":\"Inspiratio\",\"url\":\"https:\/\/inspiratio.ro\/\",\"logo\":{\"@type\":\"ImageObject\",\"inLanguage\":\"en-US\",\"@id\":\"https:\/\/inspiratio.ro\/#\/schema\/logo\/image\/\",\"url\":\"https:\/\/inspiratio.ro\/wp-content\/uploads\/2020\/06\/logo-inspiratio.png\",\"contentUrl\":\"https:\/\/inspiratio.ro\/wp-content\/uploads\/2020\/06\/logo-inspiratio.png\",\"width\":232,\"height\":209,\"caption\":\"Inspiratio\"},\"image\":{\"@id\":\"https:\/\/inspiratio.ro\/#\/schema\/logo\/image\/\"},\"sameAs\":[\"https:\/\/www.facebook.com\/inspiratiogiftstudio\/\",\"https:\/\/www.instagram.com\/inspiratio_giftstudio\/\"]}]}<\/script>\n<!-- \/ Yoast SEO plugin. -->","yoast_head_json":{"title":"BRB Portofel mediu cu design sub\u021bire","description":"BRB Portofel mediu cu design sub\u021bire","robots":{"index":"index","follow":"follow","max-snippet":"max-snippet:-1","max-image-preview":"max-image-preview:large","max-video-preview":"max-video-preview:-1"},"canonical":"https:\/\/inspiratio.ro\/produs\/brb-portofel-mediu-cu-design-subtire\/","og_locale":"en_US","og_type":"article","og_title":"BRB Portofel mediu cu design sub\u021bire","og_description":"BRB Portofel mediu cu design sub\u021bire","og_url":"https:\/\/inspiratio.ro\/produs\/brb-portofel-mediu-cu-design-subtire\/","og_site_name":"Inspiratio","article_publisher":"https:\/\/www.facebook.com\/inspiratiogiftstudio\/","article_modified_time":"2026-04-30T13:06:58+00:00","og_image":[{"width":2048,"height":1427,"url":"https:\/\/inspiratio.ro\/wp-content\/uploads\/2022\/03\/656837261_1491710692965302_5285691519658470685_n.jpg","type":"image\/jpeg"}],"twitter_card":"summary_large_image","twitter_misc":{"Est. reading time":"1 minute"},"schema":{"@context":"https:\/\/schema.org","@graph":[{"@type":"WebPage","@id":"https:\/\/inspiratio.ro\/produs\/brb-portofel-mediu-cu-design-subtire\/","url":"https:\/\/inspiratio.ro\/produs\/brb-portofel-mediu-cu-design-subtire\/","name":"BRB Portofel mediu cu design sub\u021bire","isPartOf":{"@id":"https:\/\/inspiratio.ro\/#website"},"primaryImageOfPage":{"@id":"https:\/\/inspiratio.ro\/produs\/brb-portofel-mediu-cu-design-subtire\/#primaryimage"},"image":{"@id":"https:\/\/inspiratio.ro\/produs\/brb-portofel-mediu-cu-design-subtire\/#primaryimage"},"thumbnailUrl":"https:\/\/inspiratio.ro\/wp-content\/uploads\/2022\/03\/656837261_1491710692965302_5285691519658470685_n.jpg","datePublished":"2026-04-30T13:02:58+00:00","dateModified":"2026-04-30T13:06:58+00:00","description":"BRB Portofel mediu cu design sub\u021bire","breadcrumb":{"@id":"https:\/\/inspiratio.ro\/produs\/brb-portofel-mediu-cu-design-subtire\/#breadcrumb"},"inLanguage":"en-US","potentialAction":[{"@type":"ReadAction","target":["https:\/\/inspiratio.ro\/produs\/brb-portofel-mediu-cu-design-subtire\/"]}]},{"@type":"ImageObject","inLanguage":"en-US","@id":"https:\/\/inspiratio.ro\/produs\/brb-portofel-mediu-cu-design-subtire\/#primaryimage","url":"https:\/\/inspiratio.ro\/wp-content\/uploads\/2022\/03\/656837261_1491710692965302_5285691519658470685_n.jpg","contentUrl":"https:\/\/inspiratio.ro\/wp-content\/uploads\/2022\/03\/656837261_1491710692965302_5285691519658470685_n.jpg","width":2048,"height":1427},{"@type":"BreadcrumbList","@id":"https:\/\/inspiratio.ro\/produs\/brb-portofel-mediu-cu-design-subtire\/#breadcrumb","itemListElement":[{"@type":"ListItem","position":1,"name":"Shop","item":"https:\/\/inspiratio.ro\/magazin-cadouri\/"},{"@type":"ListItem","position":2,"name":"BRB Portofel mediu cu design sub\u021bire"}]},{"@type":"WebSite","@id":"https:\/\/inspiratio.ro\/#website","url":"https:\/\/inspiratio.ro\/","name":"Inspiratio","description":"Las\u0103-te purtat de inspira\u021bie","publisher":{"@id":"https:\/\/inspiratio.ro\/#organization"},"potentialAction":[{"@type":"SearchAction","target":{"@type":"EntryPoint","urlTemplate":"https:\/\/inspiratio.ro\/?s={search_term_string}"},"query-input":{"@type":"PropertyValueSpecification","valueRequired":true,"valueName":"search_term_string"}}],"inLanguage":"en-US"},{"@type":"Organization","@id":"https:\/\/inspiratio.ro\/#organization","name":"Inspiratio","url":"https:\/\/inspiratio.ro\/","logo":{"@type":"ImageObject","inLanguage":"en-US","@id":"https:\/\/inspiratio.ro\/#\/schema\/logo\/image\/","url":"https:\/\/inspiratio.ro\/wp-content\/uploads\/2020\/06\/logo-inspiratio.png","contentUrl":"https:\/\/inspiratio.ro\/wp-content\/uploads\/2020\/06\/logo-inspiratio.png","width":232,"height":209,"caption":"Inspiratio"},"image":{"@id":"https:\/\/inspiratio.ro\/#\/schema\/logo\/image\/"},"sameAs":["https:\/\/www.facebook.com\/inspiratiogiftstudio\/","https:\/\/www.instagram.com\/inspiratio_giftstudio\/"]}]}},"brands":[{"id":247,"name":"Barabas","slug":"barabas"}],"_links":{"self":[{"href":"https:\/\/inspiratio.ro\/en\/wp-json\/wp\/v2\/product\/11106","targetHints":{"allow":["GET"]}}],"collection":[{"href":"https:\/\/inspiratio.ro\/en\/wp-json\/wp\/v2\/product"}],"about":[{"href":"https:\/\/inspiratio.ro\/en\/wp-json\/wp\/v2\/types\/product"}],"replies":[{"embeddable":true,"href":"https:\/\/inspiratio.ro\/en\/wp-json\/wp\/v2\/comments?post=11106"}],"wp:featuredmedia":[{"embeddable":true,"href":"https:\/\/inspiratio.ro\/en\/wp-json\/wp\/v2\/media\/10974"}],"wp:attachment":[{"href":"https:\/\/inspiratio.ro\/en\/wp-json\/wp\/v2\/media?parent=11106"}],"wp:term":[{"taxonomy":"pwb-brand","embeddable":true,"href":"https:\/\/inspiratio.ro\/en\/wp-json\/wp\/v2\/pwb-brand?post=11106"},{"taxonomy":"product_brand","embeddable":true,"href":"https:\/\/inspiratio.ro\/en\/wp-json\/wp\/v2\/product_brand?post=11106"},{"taxonomy":"product_cat","embeddable":true,"href":"https:\/\/inspiratio.ro\/en\/wp-json\/wp\/v2\/product_cat?post=11106"},{"taxonomy":"product_tag","embeddable":true,"href":"https:\/\/inspiratio.ro\/en\/wp-json\/wp\/v2\/product_tag?post=11106"}],"curies":[{"name":"wp","href":"https:\/\/api.w.org\/{rel}","templated":true}]}}