{"id":10899,"date":"2026-04-29T16:43:40","date_gmt":"2026-04-29T13:43:40","guid":{"rendered":"https:\/\/inspiratio.ro\/?post_type=product&#038;p=10899"},"modified":"2026-04-29T16:46:12","modified_gmt":"2026-04-29T13:46:12","slug":"ver-rochie-din-in-cu-volanase-rosa","status":"publish","type":"product","link":"https:\/\/inspiratio.ro\/en\/produs\/ver-rochie-din-in-cu-volanase-rosa\/","title":{"rendered":"Rochie din in cu vol\u0103na\u0219e Rosa"},"content":{"rendered":"<p>Rochia Rosa este o din in scurt\u0103, cu vol\u0103na\u0219 la m\u00e2nec\u0103 \u0219i la tiv. Un croi simplu, care vine bine oric\u0103rei siluete, tradus \u00eentr-o rochie de zi foarte u\u0219or de accesorizat \u0219i de purtat. Feminin\u0103 dar confortabil\u0103, aceast\u0103 rochie de in poate fi purtat\u0103 cu \u00eencredere at\u00e2t \u00een timpul liber c\u00e2t \u0219i \u00een contexte mai formale. Poart-o cu un sacou sau cu un blazer, cu teni\u0219i sau pantofi, sau chiar cu sabo\u021bi pentru un look inspirat din anii 70.<\/p>\n<ul>\n<li>realizat\u0103 din in european de cea mai bun\u0103 calitate<\/li>\n<li>decolteu rotund<\/li>\n<li>buzunare laterale \u00een cus\u0103tur\u0103<\/li>\n<li>detalii cu vol\u0103na\u0219 la m\u00e2neci \u0219i tiv<\/li>\n<li>lungime 94 cm<\/li>\n<\/ul>\n<h3>Cur\u0103\u021bare \u0219i \u00eengrijire<\/h3>\n<p>Produsele din in \u0219i din bumbac organic se pot sp\u0103la la ma\u0219ina de sp\u0103lat, la 30 de grade, pe un program scurt.<\/p>\n<p>Produsele tricotate (excep\u021bie cele tricotate manual) se pot sp\u0103la la ma\u0219ina de sp\u0103lat, pe programul special.<\/p>\n<p>Produsele tricotate manual se spal\u0103 manual, cu mi\u0219c\u0103ri delicate \u0219i se usuc\u0103 \u00een plan orizontal.<\/p>\n<p>Produsele din c\u00e2nep\u0103 se pot sp\u0103la la ma\u0219ina de sp\u0103lat, la 30 de grade, pe un program scurt.<\/p>\n<p>Toate celelalte produse se spal\u0103 manual.<\/p>\n<h3>Sustenabilitate<\/h3>\n<p>Credem c\u0103 sustenabilitatea este despre a folosi resursele de orice fel \u00eentr-un mod responsabil.<\/p>\n<p>Folosim doar materiale naturale pentru c\u0103 sunt rezistente \u0219i sustenabile dar \u0219i pentru c\u0103 se simt minunat pe piele. Ne-am \u00eendr\u0103gostit de textura inului premium, a m\u0103t\u0103sii naturale \u0219i a celorlalte \u021bes\u0103turi naturale \u0219i suntem fericite c\u0103 alegi s\u0103 te bucuri \u0219i tu de calit\u0103\u021bile acestora.<\/p>\n<p>Toate produsele noastre sunt create \u0219i realizate \u00een Rom\u00e2nia, \u00een mici ateliere afaceri de familie.<\/p>\n<p>\u00cencerc\u0103m s\u0103 producem doar c\u00e2t este nevoie, de aceea 80% din produc\u021bia noastr\u0103 este realizat\u0103 \u00een baza comenzilor, nu facem risip\u0103 de materiale \u0219i ne preocup\u0103m constant s\u0103 cre\u0103m un model sustenabil de ne dezvolta.<\/p>\n<hr \/>\n<p>La INSPIRATIO stocurile sunt mereu reduse pentru c\u0103 lucr\u0103m cu artizani \u0219i designeri care manufactureaz\u0103 fiecare produs \u00een parte.<\/p>\n<p>Av\u00e2nd \u00een vedere diversitatea modelelor \u0219i culorilor disponibile \u00een magazin, v\u0103 rug\u0103m s\u0103 ne contacta\u021bi telefonic\/Whatsapp pentru a v\u0103 putea sprijini \u00een alegerea produsului dorit.<\/p>\n","protected":false},"excerpt":{"rendered":"<p>Bluz\u0103<\/p>\n","protected":false},"featured_media":10906,"comment_status":"closed","ping_status":"closed","template":"","meta":[],"pwb-brand":[21],"product_brand":[283],"product_cat":[87,17],"product_tag":[],"class_list":{"0":"post-10899","1":"product","2":"type-product","3":"status-publish","4":"has-post-thumbnail","6":"pwb-brand-verlinne","7":"product_brand-verlinne","8":"product_cat-to-wear","9":"product_cat-haine-si-accesorii","10":"pa_culoare-alb-miere","11":"pa_marime-one-size","13":"first","14":"instock","15":"taxable","16":"shipping-taxable","17":"purchasable","18":"product-type-simple"},"yoast_head":"<!-- This site is optimized with the Yoast SEO plugin v26.9 - https:\/\/yoast.com\/product\/yoast-seo-wordpress\/ -->\n<title>VER Rochie din in cu vol\u0103na\u0219e Rosa - Inspiratio<\/title>\n<meta name=\"description\" content=\"VER Rochie din in cu vol\u0103na\u0219e Rosa\" \/>\n<meta name=\"robots\" content=\"index, follow, max-snippet:-1, max-image-preview:large, max-video-preview:-1\" \/>\n<link rel=\"canonical\" href=\"https:\/\/inspiratio.ro\/produs\/ver-rochie-din-in-cu-volanase-rosa\/\" \/>\n<meta property=\"og:locale\" content=\"en_US\" \/>\n<meta property=\"og:type\" content=\"article\" \/>\n<meta property=\"og:title\" content=\"VER Rochie din in cu vol\u0103na\u0219e Rosa - Inspiratio\" \/>\n<meta property=\"og:description\" content=\"VER Rochie din in cu vol\u0103na\u0219e Rosa\" \/>\n<meta property=\"og:url\" content=\"https:\/\/inspiratio.ro\/produs\/ver-rochie-din-in-cu-volanase-rosa\/\" \/>\n<meta property=\"og:site_name\" content=\"Inspiratio\" \/>\n<meta property=\"article:publisher\" content=\"https:\/\/www.facebook.com\/inspiratiogiftstudio\/\" \/>\n<meta property=\"article:modified_time\" content=\"2026-04-29T13:46:12+00:00\" \/>\n<meta property=\"og:image\" content=\"https:\/\/inspiratio.ro\/wp-content\/uploads\/2026\/04\/173verlinne-haine-din-in.webp\" \/>\n\t<meta property=\"og:image:width\" content=\"1000\" \/>\n\t<meta property=\"og:image:height\" content=\"1500\" \/>\n\t<meta property=\"og:image:type\" content=\"image\/webp\" \/>\n<meta name=\"twitter:card\" content=\"summary_large_image\" \/>\n<meta name=\"twitter:label1\" content=\"Est. reading time\" \/>\n\t<meta name=\"twitter:data1\" content=\"3 minutes\" \/>\n<script type=\"application\/ld+json\" class=\"yoast-schema-graph\">{\"@context\":\"https:\/\/schema.org\",\"@graph\":[{\"@type\":\"WebPage\",\"@id\":\"https:\/\/inspiratio.ro\/produs\/ver-rochie-din-in-cu-volanase-rosa\/\",\"url\":\"https:\/\/inspiratio.ro\/produs\/ver-rochie-din-in-cu-volanase-rosa\/\",\"name\":\"VER Rochie din in cu vol\u0103na\u0219e Rosa - Inspiratio\",\"isPartOf\":{\"@id\":\"https:\/\/inspiratio.ro\/#website\"},\"primaryImageOfPage\":{\"@id\":\"https:\/\/inspiratio.ro\/produs\/ver-rochie-din-in-cu-volanase-rosa\/#primaryimage\"},\"image\":{\"@id\":\"https:\/\/inspiratio.ro\/produs\/ver-rochie-din-in-cu-volanase-rosa\/#primaryimage\"},\"thumbnailUrl\":\"https:\/\/inspiratio.ro\/wp-content\/uploads\/2026\/04\/173verlinne-haine-din-in.webp\",\"datePublished\":\"2026-04-29T13:43:40+00:00\",\"dateModified\":\"2026-04-29T13:46:12+00:00\",\"description\":\"VER Rochie din in cu vol\u0103na\u0219e Rosa\",\"breadcrumb\":{\"@id\":\"https:\/\/inspiratio.ro\/produs\/ver-rochie-din-in-cu-volanase-rosa\/#breadcrumb\"},\"inLanguage\":\"en-US\",\"potentialAction\":[{\"@type\":\"ReadAction\",\"target\":[\"https:\/\/inspiratio.ro\/produs\/ver-rochie-din-in-cu-volanase-rosa\/\"]}]},{\"@type\":\"ImageObject\",\"inLanguage\":\"en-US\",\"@id\":\"https:\/\/inspiratio.ro\/produs\/ver-rochie-din-in-cu-volanase-rosa\/#primaryimage\",\"url\":\"https:\/\/inspiratio.ro\/wp-content\/uploads\/2026\/04\/173verlinne-haine-din-in.webp\",\"contentUrl\":\"https:\/\/inspiratio.ro\/wp-content\/uploads\/2026\/04\/173verlinne-haine-din-in.webp\",\"width\":1000,\"height\":1500},{\"@type\":\"BreadcrumbList\",\"@id\":\"https:\/\/inspiratio.ro\/produs\/ver-rochie-din-in-cu-volanase-rosa\/#breadcrumb\",\"itemListElement\":[{\"@type\":\"ListItem\",\"position\":1,\"name\":\"Shop\",\"item\":\"https:\/\/inspiratio.ro\/magazin-cadouri\/\"},{\"@type\":\"ListItem\",\"position\":2,\"name\":\"VER Rochie din in cu vol\u0103na\u0219e Rosa\"}]},{\"@type\":\"WebSite\",\"@id\":\"https:\/\/inspiratio.ro\/#website\",\"url\":\"https:\/\/inspiratio.ro\/\",\"name\":\"Inspiratio\",\"description\":\"Las\u0103-te purtat de inspira\u021bie\",\"publisher\":{\"@id\":\"https:\/\/inspiratio.ro\/#organization\"},\"potentialAction\":[{\"@type\":\"SearchAction\",\"target\":{\"@type\":\"EntryPoint\",\"urlTemplate\":\"https:\/\/inspiratio.ro\/?s={search_term_string}\"},\"query-input\":{\"@type\":\"PropertyValueSpecification\",\"valueRequired\":true,\"valueName\":\"search_term_string\"}}],\"inLanguage\":\"en-US\"},{\"@type\":\"Organization\",\"@id\":\"https:\/\/inspiratio.ro\/#organization\",\"name\":\"Inspiratio\",\"url\":\"https:\/\/inspiratio.ro\/\",\"logo\":{\"@type\":\"ImageObject\",\"inLanguage\":\"en-US\",\"@id\":\"https:\/\/inspiratio.ro\/#\/schema\/logo\/image\/\",\"url\":\"https:\/\/inspiratio.ro\/wp-content\/uploads\/2020\/06\/logo-inspiratio.png\",\"contentUrl\":\"https:\/\/inspiratio.ro\/wp-content\/uploads\/2020\/06\/logo-inspiratio.png\",\"width\":232,\"height\":209,\"caption\":\"Inspiratio\"},\"image\":{\"@id\":\"https:\/\/inspiratio.ro\/#\/schema\/logo\/image\/\"},\"sameAs\":[\"https:\/\/www.facebook.com\/inspiratiogiftstudio\/\",\"https:\/\/www.instagram.com\/inspiratio_giftstudio\/\"]}]}<\/script>\n<!-- \/ Yoast SEO plugin. -->","yoast_head_json":{"title":"VER Rochie din in cu vol\u0103na\u0219e Rosa - Inspiratio","description":"VER Rochie din in cu vol\u0103na\u0219e Rosa","robots":{"index":"index","follow":"follow","max-snippet":"max-snippet:-1","max-image-preview":"max-image-preview:large","max-video-preview":"max-video-preview:-1"},"canonical":"https:\/\/inspiratio.ro\/produs\/ver-rochie-din-in-cu-volanase-rosa\/","og_locale":"en_US","og_type":"article","og_title":"VER Rochie din in cu vol\u0103na\u0219e Rosa - Inspiratio","og_description":"VER Rochie din in cu vol\u0103na\u0219e Rosa","og_url":"https:\/\/inspiratio.ro\/produs\/ver-rochie-din-in-cu-volanase-rosa\/","og_site_name":"Inspiratio","article_publisher":"https:\/\/www.facebook.com\/inspiratiogiftstudio\/","article_modified_time":"2026-04-29T13:46:12+00:00","og_image":[{"width":1000,"height":1500,"url":"https:\/\/inspiratio.ro\/wp-content\/uploads\/2026\/04\/173verlinne-haine-din-in.webp","type":"image\/webp"}],"twitter_card":"summary_large_image","twitter_misc":{"Est. reading time":"3 minutes"},"schema":{"@context":"https:\/\/schema.org","@graph":[{"@type":"WebPage","@id":"https:\/\/inspiratio.ro\/produs\/ver-rochie-din-in-cu-volanase-rosa\/","url":"https:\/\/inspiratio.ro\/produs\/ver-rochie-din-in-cu-volanase-rosa\/","name":"VER Rochie din in cu vol\u0103na\u0219e Rosa - Inspiratio","isPartOf":{"@id":"https:\/\/inspiratio.ro\/#website"},"primaryImageOfPage":{"@id":"https:\/\/inspiratio.ro\/produs\/ver-rochie-din-in-cu-volanase-rosa\/#primaryimage"},"image":{"@id":"https:\/\/inspiratio.ro\/produs\/ver-rochie-din-in-cu-volanase-rosa\/#primaryimage"},"thumbnailUrl":"https:\/\/inspiratio.ro\/wp-content\/uploads\/2026\/04\/173verlinne-haine-din-in.webp","datePublished":"2026-04-29T13:43:40+00:00","dateModified":"2026-04-29T13:46:12+00:00","description":"VER Rochie din in cu vol\u0103na\u0219e Rosa","breadcrumb":{"@id":"https:\/\/inspiratio.ro\/produs\/ver-rochie-din-in-cu-volanase-rosa\/#breadcrumb"},"inLanguage":"en-US","potentialAction":[{"@type":"ReadAction","target":["https:\/\/inspiratio.ro\/produs\/ver-rochie-din-in-cu-volanase-rosa\/"]}]},{"@type":"ImageObject","inLanguage":"en-US","@id":"https:\/\/inspiratio.ro\/produs\/ver-rochie-din-in-cu-volanase-rosa\/#primaryimage","url":"https:\/\/inspiratio.ro\/wp-content\/uploads\/2026\/04\/173verlinne-haine-din-in.webp","contentUrl":"https:\/\/inspiratio.ro\/wp-content\/uploads\/2026\/04\/173verlinne-haine-din-in.webp","width":1000,"height":1500},{"@type":"BreadcrumbList","@id":"https:\/\/inspiratio.ro\/produs\/ver-rochie-din-in-cu-volanase-rosa\/#breadcrumb","itemListElement":[{"@type":"ListItem","position":1,"name":"Shop","item":"https:\/\/inspiratio.ro\/magazin-cadouri\/"},{"@type":"ListItem","position":2,"name":"VER Rochie din in cu vol\u0103na\u0219e Rosa"}]},{"@type":"WebSite","@id":"https:\/\/inspiratio.ro\/#website","url":"https:\/\/inspiratio.ro\/","name":"Inspiratio","description":"Las\u0103-te purtat de inspira\u021bie","publisher":{"@id":"https:\/\/inspiratio.ro\/#organization"},"potentialAction":[{"@type":"SearchAction","target":{"@type":"EntryPoint","urlTemplate":"https:\/\/inspiratio.ro\/?s={search_term_string}"},"query-input":{"@type":"PropertyValueSpecification","valueRequired":true,"valueName":"search_term_string"}}],"inLanguage":"en-US"},{"@type":"Organization","@id":"https:\/\/inspiratio.ro\/#organization","name":"Inspiratio","url":"https:\/\/inspiratio.ro\/","logo":{"@type":"ImageObject","inLanguage":"en-US","@id":"https:\/\/inspiratio.ro\/#\/schema\/logo\/image\/","url":"https:\/\/inspiratio.ro\/wp-content\/uploads\/2020\/06\/logo-inspiratio.png","contentUrl":"https:\/\/inspiratio.ro\/wp-content\/uploads\/2020\/06\/logo-inspiratio.png","width":232,"height":209,"caption":"Inspiratio"},"image":{"@id":"https:\/\/inspiratio.ro\/#\/schema\/logo\/image\/"},"sameAs":["https:\/\/www.facebook.com\/inspiratiogiftstudio\/","https:\/\/www.instagram.com\/inspiratio_giftstudio\/"]}]}},"brands":[{"id":21,"name":"Verlinne","slug":"verlinne"}],"_links":{"self":[{"href":"https:\/\/inspiratio.ro\/en\/wp-json\/wp\/v2\/product\/10899","targetHints":{"allow":["GET"]}}],"collection":[{"href":"https:\/\/inspiratio.ro\/en\/wp-json\/wp\/v2\/product"}],"about":[{"href":"https:\/\/inspiratio.ro\/en\/wp-json\/wp\/v2\/types\/product"}],"replies":[{"embeddable":true,"href":"https:\/\/inspiratio.ro\/en\/wp-json\/wp\/v2\/comments?post=10899"}],"wp:featuredmedia":[{"embeddable":true,"href":"https:\/\/inspiratio.ro\/en\/wp-json\/wp\/v2\/media\/10906"}],"wp:attachment":[{"href":"https:\/\/inspiratio.ro\/en\/wp-json\/wp\/v2\/media?parent=10899"}],"wp:term":[{"taxonomy":"pwb-brand","embeddable":true,"href":"https:\/\/inspiratio.ro\/en\/wp-json\/wp\/v2\/pwb-brand?post=10899"},{"taxonomy":"product_brand","embeddable":true,"href":"https:\/\/inspiratio.ro\/en\/wp-json\/wp\/v2\/product_brand?post=10899"},{"taxonomy":"product_cat","embeddable":true,"href":"https:\/\/inspiratio.ro\/en\/wp-json\/wp\/v2\/product_cat?post=10899"},{"taxonomy":"product_tag","embeddable":true,"href":"https:\/\/inspiratio.ro\/en\/wp-json\/wp\/v2\/product_tag?post=10899"}],"curies":[{"name":"wp","href":"https:\/\/api.w.org\/{rel}","templated":true}]}}